{"id":531,"date":"2023-05-02T14:30:37","date_gmt":"2023-05-02T12:30:37","guid":{"rendered":"https:\/\/lycee-saintmartin59.fr\/?page_id=531"},"modified":"2023-05-02T14:30:37","modified_gmt":"2023-05-02T12:30:37","slug":"dispositif-ulis-ulip","status":"publish","type":"page","link":"https:\/\/lycee-saintmartin59.fr\/?page_id=531","title":{"rendered":"Dispositif ULIS\/ULIP"},"content":{"rendered":"<h3><strong><span style=\"color: #800080;\">U.L.I.S<\/span> : Unit\u00e9 Localis\u00e9e pour l&rsquo;inclusion Scolaire<\/strong><\/h3>\n<p>Le dispositif ULIS accueille des \u00e9l\u00e8ves \u00e2g\u00e9s de 15 \u00e0 21 ans, poss\u00e9dant une notification\u00a0 MDPH.<\/p>\n<p>Ils proviennent d\u2019ULIS coll\u00e8ge, de SEGPA ou toutes autres structures scolaires ordinaires avec PPS (Projet Personnalis\u00e9 de Scolarisation).<\/p>\n<ul>\n<li>Chaque jeune a son projet individualis\u00e9.<\/li>\n<li>Inscrit dans une classe de r\u00e9f\u00e9rence du lyc\u00e9e, il suit des cours dans la formation choisie au sein des lyc\u00e9es de la FRESC.<\/li>\n<li>Regroupement dans le dispositif ULIS pour les rem\u00e9diations.<\/li>\n<li>Travail en partenariat avec les familles et partenaires ext\u00e9rieurs.<\/li>\n<li>D\u00e9finition du projet professionnel.<\/li>\n<\/ul>\n<p>&nbsp;<\/p>\n<h3><span style=\"color: #800080;\"><b>U.L.I.P <\/b><\/span><b>: <\/b><b>Unit\u00e9 Localis\u00e9e pour l\u2019Inclusion <\/b><b>Professionnelle<\/b><\/h3>\n<ul>\n<li>Acquisition de comp\u00e9tences professionnelles,<\/li>\n<li>Immersion en milieu professionnel, stages \u00ab\u00a0fil\u00e9s\u00a0\u00bb \u00e0 l\u2019ann\u00e9e,<\/li>\n<li>D\u00e9finition de la sortie (orientation, formation, emploi adapt\u00e9).<\/li>\n<li>Pr\u00e9apprentissage propos\u00e9,<\/li>\n<\/ul>\n","protected":false},"excerpt":{"rendered":"<p>U.L.I.S : Unit\u00e9 Localis\u00e9e pour l&rsquo;inclusion Scolaire Le dispositif ULIS accueille des \u00e9l\u00e8ves \u00e2g\u00e9s de 15 \u00e0 21 ans, poss\u00e9dant une notification\u00a0 MDPH. Ils proviennent d\u2019ULIS coll\u00e8ge, de SEGPA ou toutes autres structures scolaires ordinaires avec PPS (Projet Personnalis\u00e9 de Scolarisation). Chaque jeune a son projet individualis\u00e9. Inscrit dans une classe de r\u00e9f\u00e9rence du lyc\u00e9e, [&hellip;]<\/p>\n","protected":false},"author":1,"featured_media":0,"parent":0,"menu_order":0,"comment_status":"closed","ping_status":"closed","template":"","meta":{"footnotes":""},"class_list":["post-531","page","type-page","status-publish","hentry"],"_links":{"self":[{"href":"https:\/\/lycee-saintmartin59.fr\/index.php?rest_route=\/wp\/v2\/pages\/531","targetHints":{"allow":["GET"]}}],"collection":[{"href":"https:\/\/lycee-saintmartin59.fr\/index.php?rest_route=\/wp\/v2\/pages"}],"about":[{"href":"https:\/\/lycee-saintmartin59.fr\/index.php?rest_route=\/wp\/v2\/types\/page"}],"author":[{"embeddable":true,"href":"https:\/\/lycee-saintmartin59.fr\/index.php?rest_route=\/wp\/v2\/users\/1"}],"replies":[{"embeddable":true,"href":"https:\/\/lycee-saintmartin59.fr\/index.php?rest_route=%2Fwp%2Fv2%2Fcomments&post=531"}],"version-history":[{"count":1,"href":"https:\/\/lycee-saintmartin59.fr\/index.php?rest_route=\/wp\/v2\/pages\/531\/revisions"}],"predecessor-version":[{"id":532,"href":"https:\/\/lycee-saintmartin59.fr\/index.php?rest_route=\/wp\/v2\/pages\/531\/revisions\/532"}],"wp:attachment":[{"href":"https:\/\/lycee-saintmartin59.fr\/index.php?rest_route=%2Fwp%2Fv2%2Fmedia&parent=531"}],"curies":[{"name":"wp","href":"https:\/\/api.w.org\/{rel}","templated":true}]}}