{"id":355,"date":"2022-09-29T11:26:41","date_gmt":"2022-09-29T09:26:41","guid":{"rendered":"http:\/\/dumeefr.cluster030.hosting.ovh.net\/?page_id=355"},"modified":"2023-01-25T16:33:27","modified_gmt":"2023-01-25T15:33:27","slug":"les-acteurs-de-la-pastorale-au-lycee","status":"publish","type":"page","link":"https:\/\/lycee-saintmartin59.fr\/?page_id=355","title":{"rendered":"Les acteurs de la pastorale au lyc\u00e9e"},"content":{"rendered":"<p><strong>M. Jean-Luc Lambert, Chef d&rsquo;\u00e9tablissement du Lyc\u00e9e Saint-Martin<\/strong><\/p>\n<p><strong>P\u00e8re Jean-Claude<\/strong><\/p>\n<p><span style=\"color: #800080;\"><strong>Mot de Marie Mesnard, adjointe en Pastorale :\u00a0<\/strong><\/span><\/p>\n<p><img loading=\"lazy\" decoding=\"async\" class=\"alignnone wp-image-357\" src=\"http:\/\/dumeefr.cluster030.hosting.ovh.net\/wp-content\/uploads\/2022\/09\/photo-Marie-Mesnard-1.jpg\" alt=\"\" width=\"170\" height=\"149\" \/><\/p>\n<p style=\"margin: 18.0pt 0cm 18.0pt 0cm;\"><span style=\"color: #373b41;\">Je m\u2019appelle <strong>Marie MESNARD<\/strong> et je suis adjointe en pastorale pour le lyc\u00e9e. J\u2019ai la t\u00e2che de mettre en \u0153uvre le projet pastoral d\u00e9fini par Monsieur Lambert. A ce titre j\u2019organise les diff\u00e9rentes activit\u00e9s de la pastorale, j\u2019anime des temps de pri\u00e8res avec les \u00e9l\u00e8ves et je leur offre un endroit chaleureux o\u00f9 ils peuvent parler de ce qui les pr\u00e9occupent ou les questionnent. <\/span><\/p>\n<p style=\"margin: 18.0pt 0cm 18.0pt 0cm;\"><span style=\"color: #373b41;\">Je suis catholique, pratiquante et me mettre au service des jeunes en leur permettant de d\u00e9couvrir J\u00e9sus, de se rapprochant de Dieu par la pratique de leur Foi quel qu\u2019elle soit est pour moi une vraie source de joie. Je crois que le Seigneur est pr\u00e9sent \u00e0 Saint Martin et qu\u2019il souhaite faire de belles et grandes choses dans les c\u0153urs des \u00e9l\u00e8ves, des professeurs et des membres du personnel. <\/span><\/p>\n","protected":false},"excerpt":{"rendered":"<p>M. Jean-Luc Lambert, Chef d&rsquo;\u00e9tablissement du Lyc\u00e9e Saint-Martin P\u00e8re Jean-Claude Mot de Marie Mesnard, adjointe en Pastorale :\u00a0 Je m\u2019appelle Marie MESNARD et je suis adjointe en pastorale pour le lyc\u00e9e. J\u2019ai la t\u00e2che de mettre en \u0153uvre le projet pastoral d\u00e9fini par Monsieur Lambert. A ce titre j\u2019organise les diff\u00e9rentes activit\u00e9s de la pastorale, [&hellip;]<\/p>\n","protected":false},"author":1,"featured_media":0,"parent":0,"menu_order":0,"comment_status":"closed","ping_status":"closed","template":"","meta":{"footnotes":""},"class_list":["post-355","page","type-page","status-publish","hentry"],"_links":{"self":[{"href":"https:\/\/lycee-saintmartin59.fr\/index.php?rest_route=\/wp\/v2\/pages\/355","targetHints":{"allow":["GET"]}}],"collection":[{"href":"https:\/\/lycee-saintmartin59.fr\/index.php?rest_route=\/wp\/v2\/pages"}],"about":[{"href":"https:\/\/lycee-saintmartin59.fr\/index.php?rest_route=\/wp\/v2\/types\/page"}],"author":[{"embeddable":true,"href":"https:\/\/lycee-saintmartin59.fr\/index.php?rest_route=\/wp\/v2\/users\/1"}],"replies":[{"embeddable":true,"href":"https:\/\/lycee-saintmartin59.fr\/index.php?rest_route=%2Fwp%2Fv2%2Fcomments&post=355"}],"version-history":[{"count":2,"href":"https:\/\/lycee-saintmartin59.fr\/index.php?rest_route=\/wp\/v2\/pages\/355\/revisions"}],"predecessor-version":[{"id":403,"href":"https:\/\/lycee-saintmartin59.fr\/index.php?rest_route=\/wp\/v2\/pages\/355\/revisions\/403"}],"wp:attachment":[{"href":"https:\/\/lycee-saintmartin59.fr\/index.php?rest_route=%2Fwp%2Fv2%2Fmedia&parent=355"}],"curies":[{"name":"wp","href":"https:\/\/api.w.org\/{rel}","templated":true}]}}