{"id":348,"date":"2022-09-29T11:20:43","date_gmt":"2022-09-29T09:20:43","guid":{"rendered":"http:\/\/dumeefr.cluster030.hosting.ovh.net\/?page_id=348"},"modified":"2022-09-29T11:22:46","modified_gmt":"2022-09-29T09:22:46","slug":"qui-est-saint-martin","status":"publish","type":"page","link":"https:\/\/lycee-saintmartin59.fr\/?page_id=348","title":{"rendered":"Qui est saint Martin ?"},"content":{"rendered":"<p><img loading=\"lazy\" decoding=\"async\" class=\"alignnone wp-image-349\" src=\"http:\/\/dumeefr.cluster030.hosting.ovh.net\/wp-content\/uploads\/2022\/09\/image-2-218x300.png\" alt=\"\" width=\"142\" height=\"195\" srcset=\"https:\/\/lycee-saintmartin59.fr\/wp-content\/uploads\/2022\/09\/image-2-218x300.png 218w, https:\/\/lycee-saintmartin59.fr\/wp-content\/uploads\/2022\/09\/image-2.png 354w\" sizes=\"auto, (max-width: 142px) 100vw, 142px\" \/><\/p>\n<p style=\"margin: 18.0pt 0cm 18.0pt 0cm;\"><span style=\"color: #373b41;\">Saint Martin au IV\u00e8me si\u00e8cle dans l\u2019Empire Romain. Son p\u00e8re commandait une l\u00e9gion romaine. \u00c0\u00a015 ans il est enr\u00f4l\u00e9 de force dans une l\u00e9gion romaine et surprend tout son entourage car il traite ses hommes avec une grande bont\u00e9 et une grande compr\u00e9hension ce qui n\u2019\u00e9tait gu\u00e8re la coutume chez les officiers romains.<\/span><\/p>\n<p style=\"margin: 18.0pt 0cm 18.0pt 0cm;\"><span style=\"color: #373b41;\">Un jour d\u2019hiver particuli\u00e8rement froid, il aper\u00e7oit un homme \u00e0\u00a0peine couvert de quelques haillons, recroquevill\u00e9 de froid, qui se tra\u00eene p\u00e9niblement le long des rues. Il s\u2019arr\u00eate et sans h\u00e9siter, il sort son \u00e9p\u00e9e, coupe en deux son manteau et dans un \u00e9lan d\u2019amour fraternel en donne la moiti\u00e9 au mendiant. La nuit suivante Il voit J\u00e9sus v\u00eatu de la moiti\u00e9 du manteau qu\u2019il a\u00a0donn\u00e9 au malheureux et le Christ s\u2019adressant aux anges et aux saints qui sont pr\u00e8s de lui dit\u00a0: \u00ab\u00a0c\u2019est Martin simple cat\u00e9chum\u00e8ne, qui m\u2019a couvert de ce manteau.\u00a0\u00bb. Apr\u00e8s ce songe il demande et re\u00e7oit le sacrement du bapt\u00eame. Il a\u00a022 ans. Plus que jamais il souhaite quitter l\u2019arm\u00e9e pour entrer au service de Dieu.<\/span><\/p>\n<p>L\u2019empereur, \u00e9mu par son courage et sa \u00a0foi, l\u2019autorise \u00e0\u00a0entrer dans la milice des moines. Il d\u00e9cide de s\u2019installer pr\u00e8s de Poitiers \u00e0\u00a0Ligug\u00e9. On raconte que saint Martin, alors qu\u2019il \u00e9vang\u00e9lisait le pays des \u00c9duens, voulut abattre un de ces pins sacr\u00e9s, objet d\u2019un culte tout sp\u00e9cial. Il s\u2019approchait de l\u2019arbre, mais une foule hostile leur barrait le chemin. Saint Martin essaya d\u2019expliquer \u00e0\u00a0ces pa\u00efens qu\u2019ils n\u2019avaient dans ce pin qu\u2019un arbre comme un autre\u00a0; un des paysans, s\u2019approchant de lui, lui dit en se moquant\u00a0: \u00ab\u00a0Nous allons l\u2019abattre, mais tu te mettras dessous quand il tombera.\u00a0\u00bb Saint Martin accepta le march\u00e9 et se laissa lier au pied de l\u2019arbre. Bient\u00f4t des craquements avertissent de la chute prochaine de l\u2019arbre. Il s\u2019abat de toute sa hauteur, mais au moment o\u00f9 il va \u00e9craser le saint, celui-ci, d\u2019un signe de croix, le rejette en arri\u00e8re, et l\u2019arbre va tomber au milieu des pa\u00efens \u00e9pouvant\u00e9s. Ils s\u2019enfuient, mais reviennent bient\u00f4t et se convertissent en\u00a0masse.<\/p>\n<p>L\u2019\u00e9v\u00eaque de Tours vient de mourir et le peuple chr\u00e9tien d\u00e9sire et le r\u00e9clame, car il est aim\u00e9 et v\u00e9n\u00e9r\u00e9 par tous comme nouvel \u00e9v\u00eaque. Les Tourangeaux trouvent un pr\u00e9texte pour le faire venir \u00e0\u00a0Tours. Connaissant la charit\u00e9, ils envoient des messagers pour lui demander de venir gu\u00e9rir une femme d\u2019une grande bont\u00e9 qui est en train de mourir. Il les suit et lorsqu\u2019ils sont arriv\u00e9s, ses guides l\u2019entra\u00eenent vers la cath\u00e9drale pour qu\u2019ils puissent se reposer un moment. L\u2019\u00e9glise est pleine de monde, les cloches sonnent, la population rassembl\u00e9e l\u2019acclame et le supplie d\u2019\u00eatre leur \u00e9v\u00eaque. Il ne peut plus refuser.<\/p>\n<p><strong>En quoi Saint Martin est-il un exemple pour nous aujourd\u2019hui\u00a0?<\/strong><\/p>\n<p>Un saint chez les catholiques, c\u2019est une personne dont la vie a \u00e9t\u00e9 tellement exemplaire et qui a v\u00e9cu tellement fortement les commandements d\u2019amour de J\u00e9sus que l\u2019Eglise d\u00e9cide d\u2019en faire un mod\u00e8le pour nous aider. Notre lyc\u00e9e porte le nom de saint Martin. Parce que c\u2019est proche de l\u2019\u00e9glise du m\u00eame nom\u00a0? Peut-\u00eatre mais ne serait-ce pas plut\u00f4t parce que dans la vie de Saint Martin il y a des choses qui sont particuli\u00e8rement importantes et marquantes pour un lyc\u00e9e sp\u00e9cialis\u00e9 dans la sant\u00e9 et le social\u2026 L\u2019\u00e9pisode de la vie de Saint Martin le plus connu c\u2019est le partage de son manteau avec un pauvre et ce moment est riche d\u2019enseignement\u00a0: d\u2019abord il nous invite \u00e0 partager avec les plus pauvres, les plus faibles, \u00e0 poser sur eux notre regard et c\u2019est ce que les \u00e9l\u00e8ves font quand ils s\u2019occupent des enfants ou des personnes \u00e2g\u00e9es, qu\u2019ils cr\u00e9ent des proth\u00e8ses ou qu\u2019ils donnent de leur temps pour les autres en maraude\u2026 Mais il y a une chose importante qu\u2019on oublie de dire dans cet \u00e9pisode\u00a0c\u2019est que Saint Martin ne donne que la moiti\u00e9 de son manteau\u00a0\u2026 Pourquoi\u00a0? Pourquoi ne lui donne-t-il pas tout le manteau\u00a0? Il y a plusieurs raison \u00e0 cela\u00a0: la premi\u00e8re c\u2019est que Martin est profond\u00e9ment honn\u00eate et qu\u2019il ne peut donner que ce qui lui appartient. Or Martin est soldat et son manteau fait partie de l\u2019\u00e9quipement du soldat romain et celui-ci appartient pour moiti\u00e9 \u00e0 l\u2019empereur et pour moiti\u00e9 au soldat. Martin donne donc tout ce qui lui appartient. Une autre explication c\u2019est qu\u2019il partage \u00e0 part \u00e9gale avec le pauvre lui montrant par l\u00e0 qu\u2019il le consid\u00e8re comme son \u00e9gal, il lui redonne ainsi sa dignit\u00e9 d\u2019homme et enfin dans la Bible Dieu nous demande d\u2019aimer notre prochain comme nous-m\u00eame et Martin l\u2019a bien compris et c\u2019est pr\u00e9cis\u00e9ment ce qu\u2019il fait en gardant une partie du manteau pour lui.<\/p>\n<p>Alors en quoi est-il un mod\u00e8le pour les \u00e9l\u00e8ves dans leurs \u00e9tudes\u00a0? Il est un mod\u00e8le dans le regard qu\u2019il pose sur le pauvre, regard de tendresse et de dignit\u00e9, regard qu\u2019il leur faut avoir sur la personne dont ils s\u2019occupent. Il est un mod\u00e8le dans sa g\u00e9n\u00e9rosit\u00e9, et nos \u00e9l\u00e8ves ont \u00e0 c\u0153ur d\u2019\u00eatre g\u00e9n\u00e9reux avec le plus petit le plus faible, g\u00e9n\u00e9reux de leurs sourires, de leur temps, de leur \u00e9coute, de leur compassion.<\/p>\n","protected":false},"excerpt":{"rendered":"<p>Saint Martin au IV\u00e8me si\u00e8cle dans l\u2019Empire Romain. Son p\u00e8re commandait une l\u00e9gion romaine. \u00c0\u00a015 ans il est enr\u00f4l\u00e9 de force dans une l\u00e9gion romaine et surprend tout son entourage car il traite ses hommes avec une grande bont\u00e9 et une grande compr\u00e9hension ce qui n\u2019\u00e9tait gu\u00e8re la coutume chez les officiers romains. Un jour [&hellip;]<\/p>\n","protected":false},"author":1,"featured_media":0,"parent":0,"menu_order":0,"comment_status":"closed","ping_status":"closed","template":"","meta":{"footnotes":""},"class_list":["post-348","page","type-page","status-publish","hentry"],"_links":{"self":[{"href":"https:\/\/lycee-saintmartin59.fr\/index.php?rest_route=\/wp\/v2\/pages\/348","targetHints":{"allow":["GET"]}}],"collection":[{"href":"https:\/\/lycee-saintmartin59.fr\/index.php?rest_route=\/wp\/v2\/pages"}],"about":[{"href":"https:\/\/lycee-saintmartin59.fr\/index.php?rest_route=\/wp\/v2\/types\/page"}],"author":[{"embeddable":true,"href":"https:\/\/lycee-saintmartin59.fr\/index.php?rest_route=\/wp\/v2\/users\/1"}],"replies":[{"embeddable":true,"href":"https:\/\/lycee-saintmartin59.fr\/index.php?rest_route=%2Fwp%2Fv2%2Fcomments&post=348"}],"version-history":[{"count":2,"href":"https:\/\/lycee-saintmartin59.fr\/index.php?rest_route=\/wp\/v2\/pages\/348\/revisions"}],"predecessor-version":[{"id":354,"href":"https:\/\/lycee-saintmartin59.fr\/index.php?rest_route=\/wp\/v2\/pages\/348\/revisions\/354"}],"wp:attachment":[{"href":"https:\/\/lycee-saintmartin59.fr\/index.php?rest_route=%2Fwp%2Fv2%2Fmedia&parent=348"}],"curies":[{"name":"wp","href":"https:\/\/api.w.org\/{rel}","templated":true}]}}