{"id":245,"date":"2022-06-29T14:16:41","date_gmt":"2022-06-29T12:16:41","guid":{"rendered":"http:\/\/dumeefr.cluster030.hosting.ovh.net\/?page_id=245"},"modified":"2022-06-29T14:16:41","modified_gmt":"2022-06-29T12:16:41","slug":"3eme-prepa-metiers","status":"publish","type":"page","link":"https:\/\/lycee-saintmartin59.fr\/?page_id=245","title":{"rendered":"3\u00e8me Pr\u00e9pa-M\u00e9tiers"},"content":{"rendered":"<p><img loading=\"lazy\" decoding=\"async\" class=\"alignnone size-medium wp-image-248\" src=\"http:\/\/dumeefr.cluster030.hosting.ovh.net\/wp-content\/uploads\/2022\/06\/3eme-PM-300x169.jpg\" alt=\"\" width=\"300\" height=\"169\" srcset=\"https:\/\/lycee-saintmartin59.fr\/wp-content\/uploads\/2022\/06\/3eme-PM-300x169.jpg 300w, https:\/\/lycee-saintmartin59.fr\/wp-content\/uploads\/2022\/06\/3eme-PM.jpg 450w\" sizes=\"auto, (max-width: 300px) 100vw, 300px\" \/><\/p>\n<h2><span style=\"color: #3366ff;\">La d\u00e9couverte professionnelle en 3\u00e8me<\/span><\/h2>\n<p>Cette classe s\u2019adresse \u00e0 des \u00e9l\u00e8ves orient\u00e9s en Pr\u00e9pa-M\u00e9tiers, pour leur permettre de mieux r\u00e9ussir leur derni\u00e8re ann\u00e9e de 1er cycle par le biais de m\u00e9thodes p\u00e9dagogiques diff\u00e9rentes,<\/p>\n<p>et de m\u00fbrir leur projet de formation et d\u2019orientation en faisant des stages et des immersions dans diff\u00e9rentes fili\u00e8res.<\/p>\n<p>Le module \u00ab\u00a0<b>d\u00e9couverte Professionnelle<\/b> \u00bb permettra aux \u00e9l\u00e8ves, de construire, de pr\u00e9ciser, de finaliser un choix professionnel et sa formation.<\/p>\n<p><span style=\"color: #3366ff;\"><b>P\u00e9riodes de formation en milieu professionnel :<\/b><\/span><\/p>\n<p>Trois sessions de stages d\u2019une dur\u00e9e totale de 5 semaines sont r\u00e9partis sur l\u2019ann\u00e9e de la 3\u00e8me pr\u00e9pa-M\u00e9tiers.<\/p>\n","protected":false},"excerpt":{"rendered":"<p>La d\u00e9couverte professionnelle en 3\u00e8me Cette classe s\u2019adresse \u00e0 des \u00e9l\u00e8ves orient\u00e9s en Pr\u00e9pa-M\u00e9tiers, pour leur permettre de mieux r\u00e9ussir leur derni\u00e8re ann\u00e9e de 1er cycle par le biais de m\u00e9thodes p\u00e9dagogiques diff\u00e9rentes, et de m\u00fbrir leur projet de formation et d\u2019orientation en faisant des stages et des immersions dans diff\u00e9rentes fili\u00e8res. Le module \u00ab\u00a0d\u00e9couverte [&hellip;]<\/p>\n","protected":false},"author":1,"featured_media":0,"parent":0,"menu_order":0,"comment_status":"closed","ping_status":"closed","template":"","meta":{"footnotes":""},"class_list":["post-245","page","type-page","status-publish","hentry"],"_links":{"self":[{"href":"https:\/\/lycee-saintmartin59.fr\/index.php?rest_route=\/wp\/v2\/pages\/245","targetHints":{"allow":["GET"]}}],"collection":[{"href":"https:\/\/lycee-saintmartin59.fr\/index.php?rest_route=\/wp\/v2\/pages"}],"about":[{"href":"https:\/\/lycee-saintmartin59.fr\/index.php?rest_route=\/wp\/v2\/types\/page"}],"author":[{"embeddable":true,"href":"https:\/\/lycee-saintmartin59.fr\/index.php?rest_route=\/wp\/v2\/users\/1"}],"replies":[{"embeddable":true,"href":"https:\/\/lycee-saintmartin59.fr\/index.php?rest_route=%2Fwp%2Fv2%2Fcomments&post=245"}],"version-history":[{"count":1,"href":"https:\/\/lycee-saintmartin59.fr\/index.php?rest_route=\/wp\/v2\/pages\/245\/revisions"}],"predecessor-version":[{"id":249,"href":"https:\/\/lycee-saintmartin59.fr\/index.php?rest_route=\/wp\/v2\/pages\/245\/revisions\/249"}],"wp:attachment":[{"href":"https:\/\/lycee-saintmartin59.fr\/index.php?rest_route=%2Fwp%2Fv2%2Fmedia&parent=245"}],"curies":[{"name":"wp","href":"https:\/\/api.w.org\/{rel}","templated":true}]}}